{"id":2,"date":"2016-05-10T03:48:21","date_gmt":"2016-05-10T03:48:21","guid":{"rendered":"http:\/\/www.heuchelbergtrail.de\/?page_id=2"},"modified":"2025-12-18T18:56:35","modified_gmt":"2025-12-18T18:56:35","slug":"sample-page","status":"publish","type":"page","link":"http:\/\/www.heuchelbergtrail.de\/","title":{"rendered":""},"content":{"rendered":"\n<p class=\"MsoNormal\">\/\/<strong>3-K\u00d6NIGSLAUF FINDET STATT<\/strong><\/p>\n\n\n\n<p class=\"MsoNormal\">Liebe Heuchelbergtrailfreunde,<br>das Laufjahr 2025 neigt sich so langsam dem Ende zu und wir m\u00f6chten gerne die Gelegenheit nutzen, euch bereits \u00fcber die n\u00e4chsten Highlights rund um den ZEAG Energie Heuchelbergtrail zu informieren.<br><br><strong>Anmeldung<\/strong><br>Die Anmeldung ist bereits ge\u00f6ffnet und ihr k\u00f6nnt euch noch&nbsp;bis zum 31.12.25&nbsp;verg\u00fcnstigte Startpl\u00e4tze zum Schwabenpreis sichern:&nbsp;<a href=\"https:\/\/my.raceresult.com\/349518\/registration\">https:\/\/my.raceresult.com\/349518\/registration<\/a><\/p>\n\n\n\n<p class=\"MsoNormal\"><strong>3-K\u00f6nigslauf 6. Januar 2025<\/strong><br \/>Der allj\u00e4hrlich bekannte 3-K\u00f6nigslauf findet wieder&nbsp;am 6. Januar um 10 Uhr&nbsp;Start\/Ziel Heuchelbergstadion (Egarten 2, Leingarten) statt. Wir laufen gemeinsam die vielf\u00e4ltige und landschaftlich reizvolle 12k Trailstrecke \u201eQuick &amp; Dirty\u201c.<\/p>\n\n\n\n<p class=\"MsoNormal\">Die Strecke ist ausgeschildert und es ist keine Anmeldung erforderlich.<\/p>\n\n\n\n<figure class=\"wp-block-image\"><img loading=\"lazy\" decoding=\"async\" width=\"300\" height=\"300\" src=\"http:\/\/www.heuchelbergtrail.de\/wp-content\/uploads\/2025\/12\/2b37ca67-cc8f-40a8-81be-4365e8f5f8a9-12166-000002e4ec1e0bdc_file-300x300.jpg\" alt=\"\" class=\"wp-image-1832\" srcset=\"http:\/\/www.heuchelbergtrail.de\/wp-content\/uploads\/2025\/12\/2b37ca67-cc8f-40a8-81be-4365e8f5f8a9-12166-000002e4ec1e0bdc_file-300x300.jpg 300w, http:\/\/www.heuchelbergtrail.de\/wp-content\/uploads\/2025\/12\/2b37ca67-cc8f-40a8-81be-4365e8f5f8a9-12166-000002e4ec1e0bdc_file-150x150.jpg 150w, http:\/\/www.heuchelbergtrail.de\/wp-content\/uploads\/2025\/12\/2b37ca67-cc8f-40a8-81be-4365e8f5f8a9-12166-000002e4ec1e0bdc_file-768x768.jpg 768w, http:\/\/www.heuchelbergtrail.de\/wp-content\/uploads\/2025\/12\/2b37ca67-cc8f-40a8-81be-4365e8f5f8a9-12166-000002e4ec1e0bdc_file.jpg 1024w\" sizes=\"auto, (max-width: 300px) 100vw, 300px\" \/><\/figure>\n\n\n\n<hr class=\"wp-block-separator has-alpha-channel-opacity\"\/>\n\n\n\n<h2 class=\"wp-block-heading has-x-large-font-size\">\/\/ WAS F\u00dcR EIN GROSSARTIGER TAG BEIM DIESJ\u00c4HRIGEN ZEAG ENERGIE HEUCHELBERGTRAIL 2025!<\/h2>\n\n\n\n<p>Besonders freut es uns, dass sich der Heuchelbergtrail in der Trailszene etabliert hat und mit Teilnehmern wie Lina Kabsch oder Janosch Kowalczyk absolute Spitzenathleten f\u00fcr unsere Region begeistern.<br \/>Zudem waren die 12km und 24km bereits im Vorfeld ausgebucht.<br \/>Wir haben gleich zwei spannende Events erlebt: den Heuchelbertrail 2025 und das bunte SV Leingarten Sportfest.<br \/><br \/>W\u00e4hrend die L\u00e4uferinnen und L\u00e4ufer auf den verschiedenen Strecken des Heuchelbergtrails sportliche H\u00f6chstleistungen gezeigt haben, herrschte im Heuchelbergstadion lebhaftes Treiben mit zahlreichen Mitmachaktionen f\u00fcr Gro\u00df und Klein \u2013 organisiert von unseren engagierten Abteilungen.<br \/><br \/>Von Weitsprung und Wasserparcours \u00fcber Tischtennis, Hobby-Horsing, Pumptrack, Handball \u201eHanniball\u201c bis hin zum gro\u00dfen Tor im Stadion \u2013 f\u00fcr jeden war etwas dabei! Das Hoffenheim-Mobil sorgte f\u00fcr Fu\u00dfball-Action, und die Verpflegung mit Wassermelone, Kaffee, Kuchen, Pommes und W\u00fcrstchen lie\u00df keine W\u00fcnsche offen.&nbsp;<br \/><br \/>Am Abend sorgte die Skiabteilung mit einer Cocktailbar und DJ PR f\u00fcr den perfekten Ausklang, w\u00e4hrend die Fu\u00dfballer weiterhin f\u00fcr k\u00fchle Getr\u00e4nke sorgten.<br \/><br \/>Ein riesiges Dankesch\u00f6n an alle Helferinnen und Helfer, die diesen Tag mit Organisation, Einsatz und viel Herz zu einem vollen Erfolg gemacht haben!<br \/><br \/>Strahlender Sonnenschein, sportliche Begeisterung und ein tolles Gemeinschaftsgef\u00fchl \u2013 wir sind stolz auf unseren Verein!<br \/>Gespannt blicken wir nun nach Ensingen zur 3. Station des neu ins Leben gerufenen Heuchelberg- Stromberg Trailcup. Jetzt anmelden unter&nbsp;<a href=\"https:\/\/ensinger-laufcup.de\/\">https:\/\/ensinger-laufcup.de\/<\/a><br \/><br \/>Hier findet ihr noch tolle Eindr\u00fccke<br \/><a href=\"https:\/\/my.raceresult.com\/301421\/\" target=\"_blank\" rel=\"noreferrer noopener\">ERGEBNISSE<\/a> \/\/ <a href=\"https:\/\/onedrive.live.com\/?id=6F4C47A27B5CD9A6%21sfc66e99a6d2f402b8b132d1d3cf7e351&amp;cid=6F4C47A27B5CD9A6&amp;redeem=aHR0cHM6Ly8xZHJ2Lm1zL2YvYy82ZjRjNDdhMjdiNWNkOWE2L0VwcnBadnd2YlN0QWl4TXRIVHozNDFFQnhsYUtXTURkdklfZi02TTJhSkQwanc%5FZmJjbGlkPVBBWlhoMGJnTmhaVzBDTVRFQUFhZVpveFFfa0JkTmREWVhNNDNxeU9ZV191YUVZSmZrZ3Z1Q2d5ckJCRjJ2N2Mya2JOSy11bFVPRklJQlJBX2FlbV9TcVZidnU1TUNLb2hiMHlqd0tIS19n\" target=\"_blank\" rel=\"noreferrer noopener\">BILDER<\/a><\/p>\n\n\n\n<figure class=\"wp-block-embed aligncenter is-type-video is-provider-youtube wp-block-embed-youtube wp-embed-aspect-16-9 wp-has-aspect-ratio\"><div class=\"wp-block-embed__wrapper\">\n<iframe loading=\"lazy\" hcb-fetch-image-from=\"https:\/\/www.youtube.com\/watch?v=F61IeJIRcP4\" title=\"Das war der ZEAG Energie Heuchelbergtrail 2025\" width=\"500\" height=\"281\" src=\"https:\/\/www.youtube.com\/embed\/F61IeJIRcP4?feature=oembed\" frameborder=\"0\" allow=\"accelerometer; autoplay; clipboard-write; encrypted-media; gyroscope; picture-in-picture; web-share\" referrerpolicy=\"strict-origin-when-cross-origin\" allowfullscreen><\/iframe>\n<\/div><\/figure>\n\n\n\n<div class=\"wp-block-columns is-layout-flex wp-container-core-columns-is-layout-2 wp-block-columns-is-layout-flex\">\n<div class=\"wp-block-column is-layout-flow wp-block-column-is-layout-flow\">\n<div class=\"wp-block-columns is-layout-flex wp-container-core-columns-is-layout-1 wp-block-columns-is-layout-flex\">\n<div class=\"wp-block-column is-layout-flow wp-block-column-is-layout-flow\" style=\"flex-basis:66.66%\">\n<h2 class=\"wp-block-heading has-x-large-font-size\">\/\/ LETZTE TEILNEHMERINFOS VOR DEM HEUCHELBERGTRAIL 2025<\/h2>\n\n\n\n<p>Liebe Freunde des Heuchelbergtrails,<br \/>wir sind \u00fcberw\u00e4ltig und freuen uns sehr, euch mitteilen zu d\u00fcrfen, dass der diesj\u00e4hrige Heuchelbergtrail wieder ein voller Erfolg zu werden verspricht: Bereits vor dem Event sind sowohl die 12 km- als auch die 24 km-Strecke komplett ausgebucht!<br \/><br \/>F\u00fcr die 50km sowie die Kidsl\u00e4ufe gibt es derzeit noch vorab die M\u00f6glichkeit zur Anmeldung.<br \/><br \/>Die Online-Anmeldung schlie\u00dft montags um 23:00 Uhr in der Veranstaltungswoche.&nbsp;Nur wer bis zu dieser Frist seine Anmeldung online get\u00e4tigt hat, erh\u00e4lt seine personalisierte Startnummer mit seinem Namen!<br \/><br \/><strong><em>\u201eNUR KIDS\u201c: <\/em><\/strong>Nur bei einer Online-Anmeldung erhaltet ihr ein kostenloses Heuchelbergtrail-T-Shirt.&nbsp;(Aus organisatorischen Gr\u00fcnden kann dies bei einer Nachmeldungen nicht ber\u00fccksichtigt werden)<br \/><br \/>Bitte beachtet, dass beim Eventtag bei den 50km nur noch Restpl\u00e4tze zur Verf\u00fcgung stehen k\u00f6nnten (sofern das Teilnehmerlimit in der Voranmeldungsphase nicht erreicht wurde).<br \/><br \/>Alle Teilnehmer erhalten zu Beginn der Veranstaltungswoche noch eine abschlie\u00dfende Teilnehmerinfo per Mail.<br \/><br \/>Wir freuen uns sehr auf euch und wieder ein unvergesslichen Tag zu erleben!<br \/><br \/>Euer Orga Team<br \/>Andreas, Daniel, Michael, Martin und Sebastian<\/p>\n<\/div>\n\n\n\n<div class=\"wp-block-column is-layout-flow wp-block-column-is-layout-flow\" style=\"flex-basis:33.33%\">\n<figure data-wp-context=\"{&quot;imageId&quot;:&quot;69f3dff39629c&quot;}\" data-wp-interactive=\"core\/image\" class=\"wp-block-image size-full wp-lightbox-container\"><img loading=\"lazy\" decoding=\"async\" width=\"7554\" height=\"10761\" data-wp-class--hide=\"state.isContentHidden\" data-wp-class--show=\"state.isContentVisible\" data-wp-init=\"callbacks.setButtonStyles\" data-wp-on-async--click=\"actions.showLightbox\" data-wp-on-async--load=\"callbacks.setButtonStyles\" data-wp-on-async-window--resize=\"callbacks.setButtonStyles\" src=\"http:\/\/www.heuchelbergtrail.de\/wp-content\/uploads\/2025\/06\/SVL_HBT_A1_Plakat_LageplanAblauf_2025_Seite_1.jpg\" alt=\"\" class=\"wp-image-1802\"\/><button\n\t\t\tclass=\"lightbox-trigger\"\n\t\t\ttype=\"button\"\n\t\t\taria-haspopup=\"dialog\"\n\t\t\taria-label=\"Bild vergr\u00f6\u00dfern\"\n\t\t\tdata-wp-init=\"callbacks.initTriggerButton\"\n\t\t\tdata-wp-on-async--click=\"actions.showLightbox\"\n\t\t\tdata-wp-style--right=\"state.imageButtonRight\"\n\t\t\tdata-wp-style--top=\"state.imageButtonTop\"\n\t\t>\n\t\t\t<svg xmlns=\"http:\/\/www.w3.org\/2000\/svg\" width=\"12\" height=\"12\" fill=\"none\" viewBox=\"0 0 12 12\">\n\t\t\t\t<path fill=\"#fff\" d=\"M2 0a2 2 0 0 0-2 2v2h1.5V2a.5.5 0 0 1 .5-.5h2V0H2Zm2 10.5H2a.5.5 0 0 1-.5-.5V8H0v2a2 2 0 0 0 2 2h2v-1.5ZM8 12v-1.5h2a.5.5 0 0 0 .5-.5V8H12v2a2 2 0 0 1-2 2H8Zm2-12a2 2 0 0 1 2 2v2h-1.5V2a.5.5 0 0 0-.5-.5H8V0h2Z\" \/>\n\t\t\t<\/svg>\n\t\t<\/button><\/figure>\n\n\n\n<figure data-wp-context=\"{&quot;imageId&quot;:&quot;69f3dff397087&quot;}\" data-wp-interactive=\"core\/image\" class=\"wp-block-image size-full wp-lightbox-container\"><img loading=\"lazy\" decoding=\"async\" width=\"7016\" height=\"9934\" data-wp-class--hide=\"state.isContentHidden\" data-wp-class--show=\"state.isContentVisible\" data-wp-init=\"callbacks.setButtonStyles\" data-wp-on-async--click=\"actions.showLightbox\" data-wp-on-async--load=\"callbacks.setButtonStyles\" data-wp-on-async-window--resize=\"callbacks.setButtonStyles\" src=\"http:\/\/www.heuchelbergtrail.de\/wp-content\/uploads\/2025\/06\/SVL_HBT_A1_Plakat_LageplanAblauf_2025_Seite_2-1.jpg\" alt=\"\" class=\"wp-image-1803\"\/><button\n\t\t\tclass=\"lightbox-trigger\"\n\t\t\ttype=\"button\"\n\t\t\taria-haspopup=\"dialog\"\n\t\t\taria-label=\"Bild vergr\u00f6\u00dfern\"\n\t\t\tdata-wp-init=\"callbacks.initTriggerButton\"\n\t\t\tdata-wp-on-async--click=\"actions.showLightbox\"\n\t\t\tdata-wp-style--right=\"state.imageButtonRight\"\n\t\t\tdata-wp-style--top=\"state.imageButtonTop\"\n\t\t>\n\t\t\t<svg xmlns=\"http:\/\/www.w3.org\/2000\/svg\" width=\"12\" height=\"12\" fill=\"none\" viewBox=\"0 0 12 12\">\n\t\t\t\t<path fill=\"#fff\" d=\"M2 0a2 2 0 0 0-2 2v2h1.5V2a.5.5 0 0 1 .5-.5h2V0H2Zm2 10.5H2a.5.5 0 0 1-.5-.5V8H0v2a2 2 0 0 0 2 2h2v-1.5ZM8 12v-1.5h2a.5.5 0 0 0 .5-.5V8H12v2a2 2 0 0 1-2 2H8Zm2-12a2 2 0 0 1 2 2v2h-1.5V2a.5.5 0 0 0-.5-.5H8V0h2Z\" \/>\n\t\t\t<\/svg>\n\t\t<\/button><\/figure>\n<\/div>\n<\/div>\n<\/div>\n<\/div>\n\n\n\n<hr class=\"wp-block-separator has-text-color has-alpha-channel-opacity has-background\" style=\"background-color:#7d9e22;color:#7d9e22\"\/>\n\n\n\n<h2 class=\"wp-block-heading has-x-large-font-size\">\/\/HEUCHELBERG-STROMBERG TRAIL CUP<\/h2>\n\n\n\n<p>Jetzt ist es amtlich: Die erste gemeinsame Trail-Serie in der Region geht im n\u00e4chsten Jahr an den Start. Dann werden die drei Sportvereine aus Pfaffenhofen, Leingarten und Vaihingen-Ensingen ihre Landschaftsl\u00e4ufe als&nbsp;<em>Heuchelberg-Stromberg TRAIL-CUP<\/em>&nbsp;organisieren.<br \/><br \/>Durch die Serie wollen die Veranstalter ein neues Highlight in der regionalen L\u00e4ufer- und Trail-Community setzen \u2013 einen wahren Leckerbissen f\u00fcr alle Ausdauerfreaks und Laufverr\u00fcckten. Insgesamt erwarten die Teilnehmenden in den drei L\u00e4ufen mehr als 66 Kilometer mit mehr als 1500 H\u00f6henmetern. Und das alles in der Region!<br \/><br \/><strong>Die geplante Laufserie im \u00dcberblick:<\/strong><\/p>\n\n\n\n<ul class=\"wp-block-list\">\n<li><strong>Samstag, 26. April 2025:<\/strong>&nbsp;Dinosaurier Challenge Pfaffenhofen (18,3 km \/ 380 H\u00f6henmeter)<\/li>\n\n\n\n<li><strong>Samstag, 5. Juli 2025:<\/strong>&nbsp;ZEAG-Energie Heuchelbergtrail Leingarten (24 km \/ 600 H\u00f6henmeter)<\/li>\n\n\n\n<li><strong>Samstag, 18. Oktober 2025:<\/strong>&nbsp;GLS-Eselsburg Trail Vaihingen-Ensingen (24 km \/ 550 H\u00f6henmeter)<\/li>\n<\/ul>\n\n\n\n<p>Die Siegerehrung f\u00fcr den Cup erfolgt im Rahmen der letzten Veranstaltung in Ensingen. F\u00fcr die Gesamtwertung werden die jeweiligen Einzelzeiten aufaddiert.<\/p>\n\n\n\n<hr class=\"wp-block-separator has-text-color has-alpha-channel-opacity has-background\" style=\"background-color:#7d9e22;color:#7d9e22\"\/>\n\n\n\n<h2 class=\"wp-block-heading has-x-large-font-size\">\/\/ANMELDUNGEN GE\u00d6FFNET: <br \/>NEUER LAUFCUP 2025<br \/>3-K\u00d6NIGSLAUF FINDET STATT<\/h2>\n\n\n\n<p style=\"font-size:16px\">Liebe Heuchelbergtrailfreunde,<br \/>das Laufjahr 2024 neigt sich so langsam dem Ende zu und wir m\u00f6chten gerne die Gelegenheit nutzen, euch bereits \u00fcber die n\u00e4chsten Highlights rund um den ZEAG Energie Heuchelbergtrail zu informieren.<br \/><br \/><strong>Anmeldung<\/strong><br \/>Die Anmeldung ist bereits ge\u00f6ffnet und ihr k\u00f6nnt euch noch bis zum 31.12.24 verg\u00fcnstigte Startpl\u00e4tze zum Schwabenpreis sichern:&nbsp;<a href=\"https:\/\/my.raceresult.com\/301421\/registration\">https:\/\/my.raceresult.com\/301421\/registration<\/a><\/p>\n\n\n\n<div class=\"wp-block-columns is-layout-flex wp-container-core-columns-is-layout-3 wp-block-columns-is-layout-flex\">\n<div class=\"wp-block-column is-layout-flow wp-block-column-is-layout-flow\">\n<p style=\"font-size:16px\"><strong>3-K\u00f6nigslauf 6. Januar 2025<\/strong><br \/>Der allj\u00e4hrlich bekannte 3-K\u00f6nigslauf findet wieder am 6. Januar um 10 Uhr Start\/Ziel Heuchelbergstadion (Egarten 2, Leingarten) statt. Wir laufen gemeinsam die vielf\u00e4ltige und landschaftlich reizvolle 12k Trailstrecke \u201eQuick &amp; Dirty\u201c. Die Strecke ist ausgeschildert und es ist keine Anmeldung erforderlich.<\/p>\n<\/div>\n\n\n\n<div class=\"wp-block-column is-layout-flow wp-block-column-is-layout-flow\">\n<figure class=\"wp-block-image size-large\"><img loading=\"lazy\" decoding=\"async\" width=\"1024\" height=\"1024\" src=\"http:\/\/www.heuchelbergtrail.de\/wp-content\/uploads\/2024\/12\/3-Koenigslauf-Flyer-1024x1024.jpg\" alt=\"\" class=\"wp-image-1744\" srcset=\"http:\/\/www.heuchelbergtrail.de\/wp-content\/uploads\/2024\/12\/3-Koenigslauf-Flyer-1024x1024.jpg 1024w, http:\/\/www.heuchelbergtrail.de\/wp-content\/uploads\/2024\/12\/3-Koenigslauf-Flyer-300x300.jpg 300w, http:\/\/www.heuchelbergtrail.de\/wp-content\/uploads\/2024\/12\/3-Koenigslauf-Flyer-150x150.jpg 150w, http:\/\/www.heuchelbergtrail.de\/wp-content\/uploads\/2024\/12\/3-Koenigslauf-Flyer-768x767.jpg 768w, http:\/\/www.heuchelbergtrail.de\/wp-content\/uploads\/2024\/12\/3-Koenigslauf-Flyer.jpg 1080w\" sizes=\"auto, (max-width: 1024px) 100vw, 1024px\" \/><\/figure>\n<\/div>\n<\/div>\n\n\n\n<div class=\"wp-block-columns is-layout-flex wp-container-core-columns-is-layout-4 wp-block-columns-is-layout-flex\">\n<div class=\"wp-block-column is-layout-flow wp-block-column-is-layout-flow\">\n<p style=\"font-size:16px\"><strong>Heuchelberg Stromberg Trail Cup<\/strong><br \/>Die erste gemeinsame Trail-Serie in der Region geht im n\u00e4chsten Jahr an den Start. Dann werden die drei Sportvereine aus Pfaffenhofen, Leingarten und Vaihingen-Ensingen ihre Landschaftsl\u00e4ufe als Heuchelberg-Stromberg-TRAIL-Cup organisieren.<\/p>\n\n\n\n<figure class=\"wp-block-image size-large\"><img loading=\"lazy\" decoding=\"async\" width=\"722\" height=\"1024\" src=\"http:\/\/www.heuchelbergtrail.de\/wp-content\/uploads\/2024\/12\/Trail-Cup-1-722x1024.jpg\" alt=\"\" class=\"wp-image-1745\" srcset=\"http:\/\/www.heuchelbergtrail.de\/wp-content\/uploads\/2024\/12\/Trail-Cup-1-722x1024.jpg 722w, http:\/\/www.heuchelbergtrail.de\/wp-content\/uploads\/2024\/12\/Trail-Cup-1-212x300.jpg 212w, http:\/\/www.heuchelbergtrail.de\/wp-content\/uploads\/2024\/12\/Trail-Cup-1-768x1089.jpg 768w, http:\/\/www.heuchelbergtrail.de\/wp-content\/uploads\/2024\/12\/Trail-Cup-1.jpg 843w\" sizes=\"auto, (max-width: 722px) 100vw, 722px\" \/><\/figure>\n<\/div>\n\n\n\n<div class=\"wp-block-column is-layout-flow wp-block-column-is-layout-flow\">\n<figure class=\"wp-block-image size-large\"><img loading=\"lazy\" decoding=\"async\" width=\"512\" height=\"1024\" src=\"http:\/\/www.heuchelbergtrail.de\/wp-content\/uploads\/2024\/12\/Trail-Cup-2-512x1024.jpg\" alt=\"\" class=\"wp-image-1746\" srcset=\"http:\/\/www.heuchelbergtrail.de\/wp-content\/uploads\/2024\/12\/Trail-Cup-2-512x1024.jpg 512w, http:\/\/www.heuchelbergtrail.de\/wp-content\/uploads\/2024\/12\/Trail-Cup-2-150x300.jpg 150w, http:\/\/www.heuchelbergtrail.de\/wp-content\/uploads\/2024\/12\/Trail-Cup-2.jpg 600w\" sizes=\"auto, (max-width: 512px) 100vw, 512px\" \/><\/figure>\n<\/div>\n<\/div>\n\n\n\n<p style=\"font-size:16px\"><strong>Kids Shirts<\/strong><br \/>Aufgrund der gro\u00dfen Teilnehmerzahl bei den Kinderl\u00e4ufen wurden nochmals Kidsshirts nachproduziert. Diese liegen teilweise noch bei Michael Ottlewski&nbsp;<a href=\"http:\/\/www.hemdenoutlet24.de\/\">www.hemdenoutlet24.de<\/a>&nbsp;Leibnitzstr. 5, 74211 Leingarten zur Abholung bereit. (nur solange Vorrat reicht bzw. in Nachbestellliste eingetragen wurde)<br \/><br \/>Wir w\u00fcnschen euch eine erholsame Weihnachtszeit!<br \/><br \/><strong>Bis zum 6. Januar 2025<\/strong>!<br \/>Euer Orga Team<br \/>Andreas, Daniel, Martin, Michael und Sebastian<\/p>\n\n\n\n<hr class=\"wp-block-separator has-text-color has-alpha-channel-opacity has-background\" style=\"background-color:#7d9e22;color:#7d9e22\"\/>\n\n\n\n<div class=\"wp-block-columns is-layout-flex wp-container-core-columns-is-layout-6 wp-block-columns-is-layout-flex\">\n<div class=\"wp-block-column is-layout-flow wp-block-column-is-layout-flow\">\n<div class=\"wp-block-columns is-layout-flex wp-container-core-columns-is-layout-5 wp-block-columns-is-layout-flex\">\n<div class=\"wp-block-column is-layout-flow wp-block-column-is-layout-flow\">\n<p><\/p>\n\n\n\n<h2 class=\"wp-block-heading has-x-large-font-size\">\/\/DAS TRAIL-ERLEBNIS IN DER REGION<\/h2>\n\n\n\n<p><strong>Liebe Freunde des Heuchelbertrails,<\/strong><br \/>Die Anmeldungsphase f\u00fcr die 6. Auflage des ZEAG Energie Heuchelbergtrails am 5. Juli 2025 ist gestartet! Wir freuen uns sehr auch 2025 wieder die Traill\u00e4ufe \u00fcber&nbsp;<br \/>50km \u201eLong &amp; Crazy\u201c: ab 16 Jahre<br \/>24km \u201eClassic &amp; Cool\u201c: ab 16 Jahre<br \/>12km \u201eQuick &amp; Dirty\u201c: ab 12 Jahre<br \/>+&nbsp;&nbsp;die beiden Kidstrails anbieten zu k\u00f6nnen.&nbsp;<br \/>Hier stehen mit dem&nbsp;0,5km Cute &amp; Comfy 3 \u2013 6 Jahre (zum Zeitpunkt der Veranstaltung)&nbsp;und&nbsp;2,5km Fresh &amp; Funky: 7 \u2013 15 Jahre (zum Zeitpunkt der Veranstaltung)&nbsp;zwei tolle Strecken zur Auswahl.&nbsp;<br \/><br \/><a href=\"https:\/\/my.raceresult.com\/301421\/registration\" target=\"_blank\" rel=\"noreferrer noopener\">ANMELDUNG 2025<\/a> <strong>&gt;&gt; direkt zur Online Anmeldung.<\/strong><\/p>\n\n\n\n<p>Auch zur 6.Auflage des Heuchelbergtrails wird es zus\u00e4tzlich Mitmach-Aktionen und das Sommerfest der SVL-Abteilungen im Stadion geben. Zus\u00e4tzlich findet eine unvergessliche Trailrunningparty organisiert durch den Leingartener Kulturverein Kulturpause mit DJ PR am Abend statt.<br \/><br \/>Damit ihr stets auf dem aktuellen Stand bleibt, folgt uns gerne \u00fcber die sozialen Medien.<br \/><a href=\"https:\/\/www.facebook.com\/heuchelbergtrail\/\" target=\"_blank\" rel=\"noreferrer noopener\">FACEBOOK<\/a> <br \/><a href=\"https:\/\/www.instagram.com\/heuchelbergtrail\/?hl=de\" target=\"_blank\" rel=\"noreferrer noopener\">INSTAGRAM<\/a><br \/><br \/>Falls ihr Fragen oder Anregungen habt, k\u00f6nnt ihr euch jederzeit gerne bei uns melden.<br \/>Bis dahin<br \/><strong>Euer Orga Team<\/strong><br \/>Andreas, Michael, Martin und Sebastian<\/p>\n<\/div>\n\n\n\n<div class=\"wp-block-column is-layout-flow wp-block-column-is-layout-flow\">\n<figure class=\"wp-block-image size-large\"><img loading=\"lazy\" decoding=\"async\" width=\"730\" height=\"1024\" src=\"http:\/\/www.heuchelbergtrail.de\/wp-content\/uploads\/2025\/05\/SVL_HBT_Anzeige_Programm_A4_2025_3mmB-copy-730x1024.jpg\" alt=\"\" class=\"wp-image-1784\" srcset=\"http:\/\/www.heuchelbergtrail.de\/wp-content\/uploads\/2025\/05\/SVL_HBT_Anzeige_Programm_A4_2025_3mmB-copy-730x1024.jpg 730w, http:\/\/www.heuchelbergtrail.de\/wp-content\/uploads\/2025\/05\/SVL_HBT_Anzeige_Programm_A4_2025_3mmB-copy-214x300.jpg 214w, http:\/\/www.heuchelbergtrail.de\/wp-content\/uploads\/2025\/05\/SVL_HBT_Anzeige_Programm_A4_2025_3mmB-copy-768x1077.jpg 768w, http:\/\/www.heuchelbergtrail.de\/wp-content\/uploads\/2025\/05\/SVL_HBT_Anzeige_Programm_A4_2025_3mmB-copy-1095x1536.jpg 1095w, http:\/\/www.heuchelbergtrail.de\/wp-content\/uploads\/2025\/05\/SVL_HBT_Anzeige_Programm_A4_2025_3mmB-copy-1460x2048.jpg 1460w, http:\/\/www.heuchelbergtrail.de\/wp-content\/uploads\/2025\/05\/SVL_HBT_Anzeige_Programm_A4_2025_3mmB-copy-1711x2400.jpg 1711w, http:\/\/www.heuchelbergtrail.de\/wp-content\/uploads\/2025\/05\/SVL_HBT_Anzeige_Programm_A4_2025_3mmB-copy-scaled.jpg 1825w\" sizes=\"auto, (max-width: 730px) 100vw, 730px\" \/><\/figure>\n<\/div>\n<\/div>\n<\/div>\n<\/div>\n\n\n\n<div class=\"wp-block-columns is-layout-flex wp-container-core-columns-is-layout-7 wp-block-columns-is-layout-flex\">\n<div class=\"wp-block-column is-layout-flow wp-block-column-is-layout-flow\"><\/div>\n\n\n\n<div class=\"wp-block-column is-layout-flow wp-block-column-is-layout-flow\"><\/div>\n<\/div>\n\n\n\n<figure class=\"wp-block-embed aligncenter is-type-video is-provider-youtube wp-block-embed-youtube wp-embed-aspect-16-9 wp-has-aspect-ratio\"><div class=\"wp-block-embed__wrapper\">\n<iframe loading=\"lazy\" hcb-fetch-image-from=\"https:\/\/youtu.be\/4GJE1XbaUwI\" title=\"Das war der ZEAG Energie Heuchelbertrail 2023\" width=\"500\" height=\"281\" src=\"https:\/\/www.youtube.com\/embed\/4GJE1XbaUwI?feature=oembed\" frameborder=\"0\" allow=\"accelerometer; autoplay; clipboard-write; encrypted-media; gyroscope; picture-in-picture; web-share\" referrerpolicy=\"strict-origin-when-cross-origin\" allowfullscreen><\/iframe>\n<\/div><\/figure>\n\n\n\n<div class=\"wp-block-group\"><div class=\"wp-block-group__inner-container is-layout-constrained wp-block-group-is-layout-constrained\">\n<hr class=\"wp-block-separator has-text-color has-css-opacity has-background is-style-default\" style=\"background-color:#7d9e22;color:#7d9e22\"\/>\n<\/div><\/div>\n\n\n\n<p>Liebe Heuchelbergtrail Freunde,<br \/>das Laufjahr 2023 neigt sich dem Ende zu und die perfekte Zeit, sich wieder Ziele f\u00fcr 2024 vorzunehmen.&nbsp; Nutzt daher gerne noch die Gelegenheit euch zum Schwabenpreis f\u00fcr den Heuchelbergtrail am 06. Juli 2024 anzumelden.&nbsp; Wer noch kein passendes Weihnachtsgeschenk hat: <strong>das optimale Geschenk ist einen Startplatz zu verschenken<\/strong> \uf600\uf385 <a href=\"https:\/\/my.raceresult.com\/264925\/registration\" target=\"_blank\" rel=\"noreferrer noopener\">ANMELDUNG 2024<\/a><\/p>\n\n\n\n<p>Wir bieten wieder abwechslungsreiche Strecken mit 12, 24 oder 50km.&nbsp;<br \/>F\u00fcr alle bisherigen Teilnehmer eventuell spannend eine Strecke h\u00f6her zu melden und seine pers\u00f6nliche Grenzen zu verschieben.&nbsp;<br \/>Aus unserer Erfahrung &#8211; je l\u00e4nger desto sch\u00f6ner \uf60a<br \/>Es gibt ebenfalls wieder f\u00fcr die Kids bei der Bambini Trail mit 500m oder dem Kidstrail mit 2,5km erste Trailluft zu schnuppern.&nbsp;<br \/><br \/><strong>3-K\u00d6NIGSLAUF<br \/><\/strong>Wir haben uns entschieden unsere Energie voll auf den Heuchelbergtrail zu konzentrieren und werden daher <strong>keinen<\/strong> offiziellen 3-K\u00f6nigslauf am 06. Januar mehr durchf\u00fchren. Es ist nat\u00fcrlich jeder herzlich eingeladen zu Beginn des neuen Jahres die Laufschuhe zu schn\u00fcren und den Heuchelberg auf eigene Faust zu erkunden. Danke f\u00fcr euer Verst\u00e4ndnis an dieser Stelle!<br \/><br \/>Zum Schluss bleibt f\u00fcr 2023 vor allem Danke zu sagen f\u00fcr das einmaligen Erlebnis, das ihr beim Heuchelbergtrail 2023 geschaffen habt und wir k\u00f6nnen es kaum erwarten am 06. Juli wieder ein unvergesslichen Tag mit euch zu erleben.<br \/>Wir w\u00fcnschen euch wundersch\u00f6ne Weihnachten und &nbsp;f\u00fcr alle Silvesterlaufteilnehmer viel Spa\u00df beim letzten Lauf 2023!<br \/><br \/>Euer Orga Team<br \/>Andreas, Daniel, Michael, Martin und Sebastian<\/p>\n\n\n\n<div class=\"wp-block-group\"><div class=\"wp-block-group__inner-container is-layout-constrained wp-block-group-is-layout-constrained\">\n<hr class=\"wp-block-separator has-text-color has-css-opacity has-background is-style-default\" style=\"background-color:#7d9e22;color:#7d9e22\"\/>\n<\/div><\/div>\n\n\n\n<figure class=\"wp-block-table\"><table><tbody><tr><td class=\"has-text-align-left\" data-align=\"left\">Liebe Freunde des Heuchelbergtrails,&nbsp;<br>das Jahr neigt sich langsam dem Ende zu. Wir m\u00f6chten euch daher gleich zu Beginn des neuen Jahres&nbsp;mit einem Highlight einen sportlichen Anreiz geben die Laufschuhe zu schn\u00fcren \ud83d\ude42<br><br>Der allj\u00e4hrlich bekannte <strong>Dreik\u00f6nigslauf<\/strong> findet am <strong>6. Januar um 10 Uhr<\/strong> wieder mit Start\/Ziel am <strong>Heuchelbergstadion<\/strong> (Egarten 2, Leingarten) statt:<br>Wir laufen gemeinsam die vielf\u00e4ltige und landschaftlich reizvolle 12km&nbsp;Trailsstrecke&nbsp;\u201eQuick &amp; Dirty\u201c.&nbsp;<br>Die Strecke ist ausgeschildert und es ist keine&nbsp;Anmeldung erforderlich.&nbsp;<br>Es findet keine Zeiterfassung\/Wertung statt.&nbsp;Das gemeinsame Erlebnis und sportlich in das Jahr 2023 zu starten steht im Vordergrund. Es gibt Duschm\u00f6glichkeiten vor Ort sowie kalt\/warme Getr\u00e4nke im Anschluss.&nbsp;Wir freuen uns sehr \u00fcber eine zahlreiche Teilnahme.<br><br>Zudem ist die Anmeldung f\u00fcr die 4. Auflage des ZEAG Energie Heuchelbergtrails am 8. Juli 2023 bereits ge\u00f6ffnet und wir haben zus\u00e4tzlich einen Schwabenpreis mit verg\u00fcnstigter Anmeldung bis zum 31.12.2022 eingef\u00fchrt.<br><strong>DAHER NICHTS WIE LOS UND ANMELDEN<\/strong>:<br><a rel=\"noreferrer noopener\" href=\"https:\/\/my.raceresult.com\/215157\/registration\" target=\"_blank\">Anmeldung 2023<\/a><br><br><em>Wer noch auf der Suche nach einem Weihnachtsgeschenk ist, ist das perfekte Geschenk ein Startplatz f\u00fcr den Heuchelbergtrail zu verschenken :-).<\/em><br><br>Bis dahin w\u00fcnschen wir allen erholsame Weihnachtsfeiertage, ein paar neue Laufschuhe unter dem Weihnachtsbaum und einen guten Start ins neue Jahr.<br><br>Euer Orga Team<br>Andreas, Michael, Martin und Sebastian<\/td><\/tr><\/tbody><\/table><\/figure>\n\n\n\n<figure class=\"wp-block-embed is-type-video is-provider-youtube wp-block-embed-youtube wp-embed-aspect-4-3 wp-has-aspect-ratio\"><div class=\"wp-block-embed__wrapper\">\n<iframe loading=\"lazy\" hcb-fetch-image-from=\"https:\/\/youtu.be\/9N81p56e8kM\" title=\"Ausblick auf 2023\" width=\"500\" height=\"375\" src=\"https:\/\/www.youtube.com\/embed\/9N81p56e8kM?feature=oembed\" frameborder=\"0\" allow=\"accelerometer; autoplay; clipboard-write; encrypted-media; gyroscope; picture-in-picture; web-share\" referrerpolicy=\"strict-origin-when-cross-origin\" allowfullscreen><\/iframe>\n<\/div><\/figure>\n\n\n\n<hr class=\"wp-block-separator has-text-color has-css-opacity has-background is-style-default\" style=\"background-color:#7d9e22;color:#7d9e22\"\/>\n\n\n\n<p>Liebe Freunde des Heuchelbergtrails,<br \/>ein unvergessliches Wochenende im Juli liegt hinter uns und wir haben uns sehr \u00fcber die vielen tollen R\u00fcckmeldung von euch gefreut.<br \/>Gemeinsam unter Laufbegeisterten eine tolle Zeit verbringen und die abwechslungsreichen Pfade des Heuchelbergs genie\u00dfen &#8211; genau darum geht es.<br \/><br \/>Allein die Freude der Kinder bei den Kidsl\u00e4ufen zu sehen- daf\u00fcr hat sich der Aufwand schon gelohnt. Besonders die famil\u00e4re Athmosph\u00e4re im Heuchelbergstadion und dass noch so viele von euch im Anschluss mit uns gefeiert haben, hat uns sehr gefreut.<br \/><br \/><strong>Die beste Nachricht zum Schlus<\/strong>s: Die Anmeldungen f\u00fcr die 4. Auflage des ZEAG Energie Heuchelbergtrails am 8. Juli 2023 ist bereits ge\u00f6ffnet und wir haben zus\u00e4tzlich einen Schwabenpreis \ud83d\ude09 mit verg\u00fcnstigter Anmeldung bis zum 31.12.2022 eingef\u00fchrt.<br \/><a rel=\"noreferrer noopener\" href=\"https:\/\/my.raceresult.com\/215157\/registration\" target=\"_blank\">ANMELDUNG 2023<\/a><br \/><br \/>Wir freuen uns sehr auch 2023 wieder die Kidstrails anbieten zu k\u00f6nnen. Hier stehen mit dem 500m Bambini-Trail und 2,5km Kidstrail zwei tolle Strecken zur Auswahl. Das Startgeld mit 5 \u20ac kommt komplett der Jugend des SV Leingarten zu Gute.<br \/><br \/>Damit ihr stets auf dem aktuellen Stand bleibt, folgt uns gerne \u00fcber die sozialen Medien.  <br \/><a rel=\"noreferrer noopener\" href=\"https:\/\/www.facebook.com\/heuchelbergtrail\/\" target=\"_blank\">FACEBOOK<\/a> \/\/ <a rel=\"noreferrer noopener\" href=\"https:\/\/www.instagram.com\/heuchelbergtrail\/?hl=de\" target=\"_blank\">INSTAGRAM<\/a><br \/><br \/>Falls ihr Fragen oder Anregungen habt, k\u00f6nnt ihr euch jederzeit gerne bei uns melden. <br \/>Bis dahin<br \/><strong>Euer Orga Team<\/strong><br \/>Andreas, Michael, Martin und Sebastian<\/p>\n\n\n\n<div class=\"wp-block-columns is-layout-flex wp-container-core-columns-is-layout-8 wp-block-columns-is-layout-flex\">\n<div class=\"wp-block-column is-layout-flow wp-block-column-is-layout-flow\">\n<figure class=\"wp-block-embed is-type-video is-provider-youtube wp-block-embed-youtube wp-embed-aspect-16-9 wp-has-aspect-ratio\"><div class=\"wp-block-embed__wrapper\">\n<iframe loading=\"lazy\" hcb-fetch-image-from=\"https:\/\/youtu.be\/Fg-_Co9zqdI\" title=\"Das war der ZEAG Energie Heuchelbergtrail 2021\" width=\"500\" height=\"281\" src=\"https:\/\/www.youtube.com\/embed\/Fg-_Co9zqdI?feature=oembed\" frameborder=\"0\" allow=\"accelerometer; autoplay; clipboard-write; encrypted-media; gyroscope; picture-in-picture; web-share\" referrerpolicy=\"strict-origin-when-cross-origin\" allowfullscreen><\/iframe>\n<\/div><\/figure>\n<\/div>\n\n\n\n<div class=\"wp-block-column is-layout-flow wp-block-column-is-layout-flow\">\n<figure class=\"wp-block-embed is-type-video is-provider-youtube wp-block-embed-youtube wp-embed-aspect-16-9 wp-has-aspect-ratio\"><div class=\"wp-block-embed__wrapper\">\n<iframe loading=\"lazy\" hcb-fetch-image-from=\"https:\/\/youtu.be\/g8jJETZy1wY\" title=\"HEUCHELBERGTRAIL 2019\" width=\"500\" height=\"281\" src=\"https:\/\/www.youtube.com\/embed\/g8jJETZy1wY?feature=oembed\" frameborder=\"0\" allow=\"accelerometer; autoplay; clipboard-write; encrypted-media; gyroscope; picture-in-picture; web-share\" referrerpolicy=\"strict-origin-when-cross-origin\" allowfullscreen><\/iframe>\n<\/div><\/figure>\n<\/div>\n<\/div>\n\n\n\n<hr class=\"wp-block-separator has-text-color has-css-opacity has-background is-style-default\" style=\"background-color:#7d9e22;color:#7d9e22\"\/>\n\n\n\n<p>Der&nbsp;ZEAG Energie Heuchelbergtrail 2021 liegt mittlerweile ein paar Monate zur\u00fcck und wir sind noch immer begeistert von den vielen tollen R\u00fcckmeldungen, die wir \u00fcber verschiedenste Kan\u00e4le erhalten haben.<br \/><br \/>Dies motiviert uns und alle Helfer\/Beteiligten nat\u00fcrlich auch im n\u00e4chsten Jahr wieder ein einmaliges Event f\u00fcr euch auf die Beine zu stellen. Die Anmeldung ist bereits ab 15.12.2021 freigeschaltet. Das perfekte Weihnachtsgeschenk im Famillien- und Freundeskreis. \ud83d\ude42<br \/><br \/>Am 06. Januar 2022 steht bereits das erste Highlight mit dem traditionellen 3-K\u00f6nigslauf an.<br \/>Aufgrund der aktuellen Einschr\u00e4nkungen wird dieser voraussichtlich wieder als&nbsp;virtueller Lauf stattfinden, sprich wir werden die Strecke des 12 km Trails \u201eQuick &amp; Dirty\u201c markieren.<br \/>\u00dcber die sozialen Medien werden wir hier entsprechen kurzfristig informieren: \/\/ <a rel=\"noreferrer noopener\" href=\"https:\/\/www.facebook.com\/heuchelbergtrail\/\" target=\"_blank\">FACEBOOK<\/a> \/\/ <a rel=\"noreferrer noopener\" href=\"https:\/\/www.instagram.com\/heuchelbergtrail\/?hl=de\" target=\"_blank\">INSTAGRAM<\/a><\/p>\n\n\n\n<p><strong>NEU beim Heuchelbergtrail 2022<\/strong><\/p>\n\n\n\n<ol style=\"list-style-type:1\" class=\"wp-block-list\">\n<li>Kids-Trails<br \/>Vor allem f\u00fcr die Kids waren die sportlichen Aktivit\u00e4ten in der aktuellen Zeit nur eingeschr\u00e4nkt m\u00f6glich. Daher m\u00f6chten wir den Kids f\u00fcr 2022 ebenfalls ein sportliches Ziel geben und nehmen zwei weitere Strecken mit ins Programm auf:<br \/>500 m Bambini-Trail-Runde \u201eCute &amp; Comfy\u201c (Alter 3-6 Jahre)&nbsp; maximal 50 Teilnehmer&nbsp;<br \/>2,5 k Kids-Trail-Runde \u201eFresh &amp; Funky\u201c (Alter 7-11 Jahre) maximal 50 Teilnehmer<br \/>Die Anmeldung ist bei beiden Kids-Trails kostenlos.<\/li>\n<\/ol>\n\n\n\n<ol start=\"2\" style=\"list-style-type:1\" class=\"wp-block-list\">\n<li>Camping M\u00f6glichkeit<br \/>Es wird die M\u00f6glichkeit geben auf dem Schotterparkplatz beim Kunstrasenplatz mit dem Wohnmobil zu campen. Die Duschen und die WCs in der Kabine des SV Leingarten k\u00f6nnen, wenn es die Coronabestimmungen zulassen genutzt werden.<\/li>\n<\/ol>\n\n\n\n<ol start=\"3\" style=\"list-style-type:1\" class=\"wp-block-list\">\n<li>Opening Freitag 08. Juli 2022<br \/>F\u00fcr alle die bereits Freitags anreisen besteht die M\u00f6glichkeit ab 19.00 Uhr in gem\u00fctlicher Runde im Stadion zusammenkommen.<\/li>\n\n\n\n<li><strong>Auch neu dieses Jahr ist die M\u00f6glichkeit von Nachmeldungen am Veranstaltungstag<\/strong>. Ab 10:30 Uhr ist die Startunterlagenabholung ge\u00f6ffnet. Hier sind auch Nachmeldungen in begrenzter Menge verf\u00fcgbar und bis 1h vor dem jeweiligen Start m\u00f6glich.<\/li>\n<\/ol>\n\n\n\n<p>Damit ihr stets auf dem aktuellen Stand bleibt, folgt uns gerne \u00fcber die sozialen Medien. \/\/ <a rel=\"noreferrer noopener\" href=\"https:\/\/www.facebook.com\/heuchelbergtrail\/\" target=\"_blank\">FACEBOOK<\/a> \/\/ <a rel=\"noreferrer noopener\" href=\"https:\/\/www.instagram.com\/heuchelbergtrail\/?hl=de\" target=\"_blank\">INSTAGRAM<\/a><\/p>\n\n\n\n<p>Bis dahin bleibt gesund und genie\u00dft die Weihnachtszeit im Kreise eurer Familie.<\/p>\n\n\n\n<p>Euer Orga Team<\/p>\n\n\n\n<p>Andreas, Martin, Michael und Sebastian<br \/><br \/><a href=\"http:\/\/www.heuchelbergtrail.de\/?page_id=71\">AUSSCHREIBUNG<\/a> <\/p>\n\n\n\n<hr class=\"wp-block-separator has-text-color has-css-opacity has-background\" style=\"background-color:#7d9e22;color:#7d9e22\"\/>\n\n\n\n<h2 class=\"wp-block-heading\">\/\/BAUMSPENDEAKTION<\/h2>\n\n\n\n<p>Wir danken herzlich f\u00fcr das Engagement f\u00fcr Mensch und Umwelt. Als Erinnerung an die Baumspendeaktion findest du hier die Pflanzurkunde:<\/p>\n\n\n\n<div class=\"wp-block-file\"><a id=\"wp-block-file--media-47b79751-65db-43ab-80bf-a7925b9d5323\" href=\"http:\/\/www.heuchelbergtrail.de\/wp-content\/uploads\/2020\/12\/9EAEA2DD-3A4A-45F4-97CE-EAD814CC3639.pdf\">Pflanzurkunde (PDF\/369kb)<\/a><a href=\"http:\/\/www.heuchelbergtrail.de\/wp-content\/uploads\/2020\/12\/9EAEA2DD-3A4A-45F4-97CE-EAD814CC3639.pdf\" class=\"wp-block-file__button wp-element-button\" download aria-describedby=\"wp-block-file--media-47b79751-65db-43ab-80bf-a7925b9d5323\">Herunterladen<\/a><\/div>\n\n\n\n<p><br \/>Der Wald ist nicht nur Abenteuer f\u00fcr uns&nbsp; als naturbegeisterte L\u00e4ufer, sondern erf\u00fcllt eine Vielzahl von Funktionen. Er sch\u00fctzt das Klima, bietet Raum f\u00fcr Erholung, ist Lebensst\u00e4tte unz\u00e4hliger Tier- und Pflanzenarten und produziert den nachwachsenden und klimaneutralen Rohstoff Holz. Das alles nachhaltig und regional.<\/p>\n\n\n\n<p>Besonders in der schnelllebigen Zeit steht der Wald f\u00fcr ein genererations\u00fcbergreifendes und nachhaltiges Denken.<\/p>\n\n\n\n<p>Das komplexe \u00d6kosystem hat vor allem in den vergangenen Jahren durch die klimatischen Ver\u00e4nderungen mit der Trockenheit im Sommer sowie Sturmereignissen sehr gelitten.&nbsp;<\/p>\n\n\n\n<p>Auch in den W\u00e4ldern unserer Region (haupts\u00e4chlich Laubmischw\u00e4lder) um den Heuchelberg sind rund 90.000 Festmeter Schadholz entstanden.<\/p>\n\n\n\n<p>Durch die Wiederbewaldung der Schadfl\u00e4chen mit klimastabilen einheimischen Baumarten wie Eiche, Elsbeere oder Waldkirsche und nicht-heimischen Baumarten wie Douglasie, Esskastanie und kleinere Anbaufl\u00e4chen mit Exoten, verfolgt das Forstamt in der Region Heilbronn den Wald langfristig wiederstandf\u00e4hig&nbsp;aufzustellen.&nbsp;Wir vom Team Heuchelbergtrail wollen daher ebenfalls unseren Beitrag dazu leisten.&nbsp;Im M\u00e4rz 2021 findet die n\u00e4chste Baumpflanzaktion durch F\u00f6rster Jens Hey statt.&nbsp;Wir sind wie immer motiviert und haben uns zum Ziel gesetzt hier einen Beitrag mit 1000 B\u00e4ume&nbsp;(jeder Setzling kostet ca. 1 \u20ac)&nbsp;zu leisten.<\/p>\n\n\n\n<p><strong>Wie schaffen wir das gemeinsam?<\/strong><\/p>\n\n\n\n<p>1. Ihr teilt eure im Zeitraum von 01.-24. Dezember absolvierten L\u00e4ufe auf unserem Facebook oder Instagram-Kanal. An Weihnachten geben wir die zusammengekommenen Gesamtdistanz bekannt und spenden pro 10 Kilometer einen Baum. Wie ihr das macht bleibt euch \u00fcberlassen (Teilen der Strava-Aktivit\u00e4t, ein Bild der Aufzeichnung von eurer Uhr,\u2026&nbsp;<\/p>\n\n\n\n<p>2. F\u00fcr jeden angemeldeten Teilnehmer bis Ende Februar 2021 f\u00fcr den Heuchelbergtrail spenden wir einen Baum. (bisher bereits 62 Anmeldungen)<\/p>\n\n\n\n<p>3. Ihr k\u00f6nnt die Aktion auch direkt unterst\u00fctzen mit einer Spende auf das Konto des Heuchelbergtrails mit der IBAN DE80 6206 3263 0012 8480 00 und dem Verwendungszweck \u201eBaumspende&#8220;.<\/p>\n\n\n\n<hr class=\"wp-block-separator has-text-color has-css-opacity has-background\" style=\"background-color:#7d9e22;color:#7d9e22\"\/>\n\n\n\n<div style=\"height:30px\" aria-hidden=\"true\" class=\"wp-block-spacer\"><\/div>\n\n\n\n<h2 class=\"wp-block-heading\" id=\"mce_2\">\/\/HALL OF FAME<\/h2>\n\n\n\n<p><strong>2024<\/strong><br \/>50k \/\/ Pamela Veith (TSV Kusterdingen) &amp; Moritz G\u00fcttinger<br \/>24k \/\/ Theresa Weixler &amp; Tim Zeltner (L\u00f6wensteiner Bockrenner)<br \/>12k \/\/ Iris Rautenberg (TSG Heilbronn) &amp; Patrick Reischle (TSG Heilbronn)<br \/>2,5k \/\/ Alessa Micu (SV Leingarten) &amp; Filip Balog (Eichbottschule Leingarten)<br \/>0,5k \/\/ Clara Rettke (SV Leingarten) &amp; Samuel Harrer<br \/><a href=\"https:\/\/my.raceresult.com\/264925\/\" target=\"_blank\" rel=\"noreferrer noopener\">ERGEBNISSE<\/a> \/\/ <a href=\"https:\/\/1drv.ms\/f\/s!AqbZXHuiR0xvZiEgWtpH-GzWMJY\" target=\"_blank\" rel=\"noreferrer noopener\">BILDER<\/a><\/p>\n\n\n\n<p><strong>2023<\/strong><br \/>50k \/\/ Lina Kabsch(LAZ Ludwigsburg) &amp; Timo Striegel (DIE PRAXIS LUDWIGSBURG)<br \/>24k \/\/ Bettina Englisch (TSG 1845 Heilbronn) &amp; Moritz W\u00f6lfel (Heilbronn Trail Club)<br \/>12k \/\/ Stephanie D\u00f6rr (LLG Wustweiler) &amp; Julian Gro\u00dfkopf (Team Optimove by Pudel\/ LAZ Ludwigsburg)<br \/>2,5k \/\/ Jana Gebhard (Tri-Team Heuchelberg) &amp; David Klemp<br \/>0,5k \/\/ Zoe Urzedowski (SV Leingarten) &amp; Rico Trottmann (SV Leingarten)<br \/><a href=\"https:\/\/my.raceresult.com\/215157\/results\">ERGEBNISSE<\/a> \/\/ <a href=\"https:\/\/www.dropbox.com\/scl\/fo\/7zmk2al614jmiksjh1anj\/h?rlkey=3de5565hc38vb7z47ntmxht3f&amp;dl=0\">BILDER<\/a><\/p>\n\n\n\n<p><strong>2022<\/strong><br \/>50k \/\/ Veronica H\u00e4hnle-Pohl (TSG 1845 Heilbronn) &amp; Timo Striegel (DIE PRAXIS LUDWIGSBURG)<br \/>24k \/\/ Bettina Englisch (TSG 1845 Heilbronn) &amp; Moritz W\u00f6lfel (Tri Team Heuchelberg)<br \/>12k \/\/ Julia Utz &amp; Patric Meinike (Reinert &amp; Rufer)<br \/>2,5k \/\/ Rosi Leipert (SV Leingarten) &amp; Jannes Huhn<br \/>0,5k \/\/ Luisa H\u00fcbscher &amp; Emilio Chiriatti (SV Leingarten)<br \/><a rel=\"noreferrer noopener\" href=\"https:\/\/my.raceresult.com\/187836\/\" target=\"_blank\">ERGEBNISSE<\/a> \/\/ <a rel=\"noreferrer noopener\" href=\"https:\/\/www.dropbox.com\/sh\/7oxvohteg6b8s8g\/AADVDJyZFVTAUE9zqhziCf4sa?dl=0\" target=\"_blank\">BILDER<\/a><\/p>\n\n\n\n<p><strong>2021<\/strong><br \/>50k \/\/ Hella Schmidt (Landau Running Company) &amp; Patrick Zier (LG Rudelsburg Bad K\u00f6sen)<br \/>24k \/\/ Lina Kabsch (LAZ Ludwigsburg) &amp; Julian Gro\u00dfkopf (LAZ Ludwigsburg)<br \/>12k \/\/ Nicole M\u00f6bus (LAZ Ludwigsburg) &amp; Martin Diebold<br \/><a rel=\"noreferrer noopener\" href=\"https:\/\/my.raceresult.com\/145754\/\" target=\"_blank\">ERGEBNISSE<\/a> \/\/ <a rel=\"noreferrer noopener\" href=\"https:\/\/www.dropbox.com\/sh\/yyq557etaxczf13\/AABN5F3F3B8mRisdAQVU1t7Ba?dl=0\" target=\"_blank\">BILDER<\/a><\/p>\n\n\n\n<p><strong>2019<\/strong><br \/>24k \/\/ Jana Baum (Hamburger Laufladen) &amp; Timo Striegel (Die Praxis)<br \/>12k \/\/ Clarisse Guzy (Schmuzy) &amp; Fabian Katz (KR Veranstaltungstechnik)<br \/><a rel=\"noreferrer noopener\" aria-label=\"Results (\u00f6ffnet in neuem Tab)\" href=\"https:\/\/my.raceresult.com\/113363\/results\" target=\"_blank\">ERGEBNISSE<\/a> \/\/ <a rel=\"noreferrer noopener\" aria-label=\"Bilder (\u00f6ffnet in neuem Tab)\" href=\"https:\/\/www.dropbox.com\/sh\/vx71iv5xxf2b2lv\/AADDPVWIBJFILQPHgJzxB8Nda?dl=0\" target=\"_blank\">BILDER<\/a><\/p>\n\n\n\n<div style=\"height:30px\" aria-hidden=\"true\" class=\"wp-block-spacer\"><\/div>\n\n\n\n<hr class=\"wp-block-separator has-text-color has-css-opacity has-background is-style-default\" style=\"background-color:#7d9e22;color:#7d9e22\"\/>\n\n\n\n<div style=\"height:30px\" aria-hidden=\"true\" class=\"wp-block-spacer\"><\/div>\n\n\n\n<h2 class=\"wp-block-heading\" id=\"mce_2\">\/\/VIELEN DANK AN UNSERE SPONSOREN<\/h2>\n\n\n\n<figure class=\"wp-block-image aligncenter size-large\"><a style=\"background:none\" href=\"https:\/\/www.zeag-energie.de\" target=\"_blank\" rel=\"noopener\"><img loading=\"lazy\" decoding=\"async\" width=\"400\" height=\"225\" src=\"http:\/\/www.heuchelbergtrail.de\/wp-content\/uploads\/2019\/05\/Zeag.jpg\" alt=\"\" class=\"wp-image-128\" srcset=\"http:\/\/www.heuchelbergtrail.de\/wp-content\/uploads\/2019\/05\/Zeag.jpg 400w, http:\/\/www.heuchelbergtrail.de\/wp-content\/uploads\/2019\/05\/Zeag-300x169.jpg 300w\" sizes=\"auto, (max-width: 400px) 100vw, 400px\" \/><\/a><\/figure>\n\n\n\n<figure class=\"wp-block-gallery aligncenter has-nested-images columns-3 is-cropped wp-block-gallery-1 is-layout-flex wp-block-gallery-is-layout-flex\">\n<figure class=\"wp-block-image size-large\"><a href=\"https:\/\/www.ackermann-orthopaedie.de\" target=\"_blank\" rel=\"noreferrer noopener\"><img loading=\"lazy\" decoding=\"async\" width=\"400\" height=\"225\" data-id=\"101\" src=\"http:\/\/www.heuchelbergtrail.de\/wp-content\/uploads\/2019\/05\/Ackermann-neu2.jpg\" alt=\"\" class=\"wp-image-101\" srcset=\"http:\/\/www.heuchelbergtrail.de\/wp-content\/uploads\/2019\/05\/Ackermann-neu2.jpg 400w, http:\/\/www.heuchelbergtrail.de\/wp-content\/uploads\/2019\/05\/Ackermann-neu2-300x169.jpg 300w\" sizes=\"auto, (max-width: 400px) 100vw, 400px\" \/><\/a><\/figure>\n\n\n\n<figure class=\"wp-block-image size-full\"><a href=\"https:\/\/www.aok.de\/pk\/bw\/region\/heilbronn-krankenkasse\/\" target=\"_blank\" rel=\"noreferrer noopener\"><img loading=\"lazy\" decoding=\"async\" width=\"400\" height=\"225\" data-id=\"1699\" src=\"http:\/\/www.heuchelbergtrail.de\/wp-content\/uploads\/2024\/06\/AOK_Logo_Horiz_Gruen_4C.jpg\" alt=\"\" class=\"wp-image-1699\" srcset=\"http:\/\/www.heuchelbergtrail.de\/wp-content\/uploads\/2024\/06\/AOK_Logo_Horiz_Gruen_4C.jpg 400w, http:\/\/www.heuchelbergtrail.de\/wp-content\/uploads\/2024\/06\/AOK_Logo_Horiz_Gruen_4C-300x169.jpg 300w\" sizes=\"auto, (max-width: 400px) 100vw, 400px\" \/><\/a><\/figure>\n\n\n\n<figure class=\"wp-block-image size-large\"><a href=\"https:\/\/www.autohutt.de\" target=\"_blank\" rel=\"noreferrer noopener\"><img loading=\"lazy\" decoding=\"async\" width=\"400\" height=\"225\" data-id=\"102\" src=\"http:\/\/www.heuchelbergtrail.de\/wp-content\/uploads\/2019\/05\/autoHutt-neu.jpg\" alt=\"\" class=\"wp-image-102\" srcset=\"http:\/\/www.heuchelbergtrail.de\/wp-content\/uploads\/2019\/05\/autoHutt-neu.jpg 400w, http:\/\/www.heuchelbergtrail.de\/wp-content\/uploads\/2019\/05\/autoHutt-neu-300x169.jpg 300w\" sizes=\"auto, (max-width: 400px) 100vw, 400px\" \/><\/a><\/figure>\n\n\n\n<figure class=\"wp-block-image size-large\"><a href=\"https:\/\/www.bauintact.de\" target=\"_blank\" rel=\" noreferrer noopener\"><img loading=\"lazy\" decoding=\"async\" width=\"400\" height=\"225\" data-id=\"1758\" src=\"http:\/\/www.heuchelbergtrail.de\/wp-content\/uploads\/2025\/04\/bauintact.jpg\" alt=\"\" class=\"wp-image-1758\" srcset=\"http:\/\/www.heuchelbergtrail.de\/wp-content\/uploads\/2025\/04\/bauintact.jpg 400w, http:\/\/www.heuchelbergtrail.de\/wp-content\/uploads\/2025\/04\/bauintact-300x169.jpg 300w\" sizes=\"auto, (max-width: 400px) 100vw, 400px\" \/><\/a><\/figure>\n\n\n\n<figure class=\"wp-block-image size-large\"><a href=\"https:\/\/www.bolch-insektenschutz.de\/\" target=\"_blank\" rel=\"noreferrer noopener\"><img loading=\"lazy\" decoding=\"async\" width=\"400\" height=\"225\" data-id=\"103\" src=\"http:\/\/www.heuchelbergtrail.de\/wp-content\/uploads\/2019\/05\/Bolch.jpg\" alt=\"\" class=\"wp-image-103\" srcset=\"http:\/\/www.heuchelbergtrail.de\/wp-content\/uploads\/2019\/05\/Bolch.jpg 400w, http:\/\/www.heuchelbergtrail.de\/wp-content\/uploads\/2019\/05\/Bolch-300x169.jpg 300w\" sizes=\"auto, (max-width: 400px) 100vw, 400px\" \/><\/a><\/figure>\n\n\n\n<figure class=\"wp-block-image size-large\"><a href=\"https:\/\/fahrschule-dexheimer.de\" target=\"_blank\" rel=\"noreferrer noopener\"><img loading=\"lazy\" decoding=\"async\" width=\"400\" height=\"225\" data-id=\"425\" src=\"http:\/\/www.heuchelbergtrail.de\/wp-content\/uploads\/2021\/06\/Dexheimer.jpg\" alt=\"\" class=\"wp-image-425\" srcset=\"http:\/\/www.heuchelbergtrail.de\/wp-content\/uploads\/2021\/06\/Dexheimer.jpg 400w, http:\/\/www.heuchelbergtrail.de\/wp-content\/uploads\/2021\/06\/Dexheimer-300x169.jpg 300w\" sizes=\"auto, (max-width: 400px) 100vw, 400px\" \/><\/a><\/figure>\n\n\n\n<figure class=\"wp-block-image size-large\"><a href=\"https:\/\/www.dikta-gourmet.de\" target=\"_blank\" rel=\"noreferrer noopener\"><img loading=\"lazy\" decoding=\"async\" width=\"400\" height=\"225\" data-id=\"1708\" src=\"http:\/\/www.heuchelbergtrail.de\/wp-content\/uploads\/2024\/06\/11_logo_dikta_sw.jpg\" alt=\"\" class=\"wp-image-1708\" srcset=\"http:\/\/www.heuchelbergtrail.de\/wp-content\/uploads\/2024\/06\/11_logo_dikta_sw.jpg 400w, http:\/\/www.heuchelbergtrail.de\/wp-content\/uploads\/2024\/06\/11_logo_dikta_sw-300x169.jpg 300w\" sizes=\"auto, (max-width: 400px) 100vw, 400px\" \/><\/a><\/figure>\n\n\n\n<figure class=\"wp-block-image size-large\"><a href=\"https:\/\/dilicoman.com\" target=\"_blank\" rel=\" noreferrer noopener\"><img loading=\"lazy\" decoding=\"async\" width=\"400\" height=\"225\" data-id=\"1767\" src=\"http:\/\/www.heuchelbergtrail.de\/wp-content\/uploads\/2025\/04\/Dilicoman.jpg\" alt=\"\" class=\"wp-image-1767\" srcset=\"http:\/\/www.heuchelbergtrail.de\/wp-content\/uploads\/2025\/04\/Dilicoman.jpg 400w, http:\/\/www.heuchelbergtrail.de\/wp-content\/uploads\/2025\/04\/Dilicoman-300x169.jpg 300w\" sizes=\"auto, (max-width: 400px) 100vw, 400px\" \/><\/a><\/figure>\n\n\n\n<figure class=\"wp-block-image size-full\"><a href=\"https:\/\/www.dh-immoconsult.de\" target=\"_blank\" rel=\"noreferrer noopener\"><img loading=\"lazy\" decoding=\"async\" width=\"400\" height=\"225\" data-id=\"1647\" src=\"http:\/\/www.heuchelbergtrail.de\/wp-content\/uploads\/2023\/12\/dh_logo.jpg\" alt=\"\" class=\"wp-image-1647\" srcset=\"http:\/\/www.heuchelbergtrail.de\/wp-content\/uploads\/2023\/12\/dh_logo.jpg 400w, http:\/\/www.heuchelbergtrail.de\/wp-content\/uploads\/2023\/12\/dh_logo-300x169.jpg 300w\" sizes=\"auto, (max-width: 400px) 100vw, 400px\" \/><\/a><\/figure>\n\n\n\n<figure class=\"wp-block-image size-large\"><a href=\"https:\/\/diepraxis-ludwigsburg.de\" target=\"_blank\" rel=\"noreferrer noopener\"><img loading=\"lazy\" decoding=\"async\" width=\"400\" height=\"225\" data-id=\"107\" src=\"http:\/\/www.heuchelbergtrail.de\/wp-content\/uploads\/2019\/05\/Die-Praxis.jpg\" alt=\"\" class=\"wp-image-107\" srcset=\"http:\/\/www.heuchelbergtrail.de\/wp-content\/uploads\/2019\/05\/Die-Praxis.jpg 400w, http:\/\/www.heuchelbergtrail.de\/wp-content\/uploads\/2019\/05\/Die-Praxis-300x169.jpg 300w\" sizes=\"auto, (max-width: 400px) 100vw, 400px\" \/><\/a><\/figure>\n\n\n\n<figure class=\"wp-block-image size-large\"><a href=\"https:\/\/endner-wohnideen.de\" target=\"_blank\" rel=\"noreferrer noopener\"><img loading=\"lazy\" decoding=\"async\" width=\"400\" height=\"225\" data-id=\"108\" src=\"http:\/\/www.heuchelbergtrail.de\/wp-content\/uploads\/2019\/05\/Endner.jpg\" alt=\"\" class=\"wp-image-108\" srcset=\"http:\/\/www.heuchelbergtrail.de\/wp-content\/uploads\/2019\/05\/Endner.jpg 400w, http:\/\/www.heuchelbergtrail.de\/wp-content\/uploads\/2019\/05\/Endner-300x169.jpg 300w\" sizes=\"auto, (max-width: 400px) 100vw, 400px\" \/><\/a><\/figure>\n\n\n\n<figure class=\"wp-block-image size-large\"><a href=\"https:\/\/erdinger-alkoholfrei.de\" target=\"_blank\" rel=\"noreferrer noopener\"><img loading=\"lazy\" decoding=\"async\" width=\"400\" height=\"225\" data-id=\"109\" src=\"http:\/\/www.heuchelbergtrail.de\/wp-content\/uploads\/2019\/05\/Erdinger.jpg\" alt=\"\" class=\"wp-image-109\" srcset=\"http:\/\/www.heuchelbergtrail.de\/wp-content\/uploads\/2019\/05\/Erdinger.jpg 400w, http:\/\/www.heuchelbergtrail.de\/wp-content\/uploads\/2019\/05\/Erdinger-300x169.jpg 300w\" sizes=\"auto, (max-width: 400px) 100vw, 400px\" \/><\/a><\/figure>\n\n\n\n<figure class=\"wp-block-image size-large\"><a href=\"https:\/\/www.befreyer.de\/\" target=\"_blank\" rel=\"noreferrer noopener\"><img loading=\"lazy\" decoding=\"async\" width=\"400\" height=\"225\" data-id=\"110\" src=\"http:\/\/www.heuchelbergtrail.de\/wp-content\/uploads\/2019\/05\/Freyer.jpg\" alt=\"\" class=\"wp-image-110\" srcset=\"http:\/\/www.heuchelbergtrail.de\/wp-content\/uploads\/2019\/05\/Freyer.jpg 400w, http:\/\/www.heuchelbergtrail.de\/wp-content\/uploads\/2019\/05\/Freyer-300x169.jpg 300w\" sizes=\"auto, (max-width: 400px) 100vw, 400px\" \/><\/a><\/figure>\n\n\n\n<figure class=\"wp-block-image size-large\"><a href=\"https:\/\/muehle-gessmann.de\/produkte\/hopfs-muesli.html\" target=\"_blank\" rel=\"noreferrer noopener\"><img loading=\"lazy\" decoding=\"async\" width=\"400\" height=\"225\" data-id=\"111\" src=\"http:\/\/www.heuchelbergtrail.de\/wp-content\/uploads\/2019\/05\/Gessmann.jpg\" alt=\"\" class=\"wp-image-111\" srcset=\"http:\/\/www.heuchelbergtrail.de\/wp-content\/uploads\/2019\/05\/Gessmann.jpg 400w, http:\/\/www.heuchelbergtrail.de\/wp-content\/uploads\/2019\/05\/Gessmann-300x169.jpg 300w\" sizes=\"auto, (max-width: 400px) 100vw, 400px\" \/><\/a><\/figure>\n\n\n\n<figure class=\"wp-block-image size-large\"><a href=\"https:\/\/heuchelberg.com\" target=\"_blank\" rel=\"noreferrer noopener\"><img loading=\"lazy\" decoding=\"async\" width=\"400\" height=\"225\" data-id=\"112\" src=\"http:\/\/www.heuchelbergtrail.de\/wp-content\/uploads\/2019\/05\/HBW.jpg\" alt=\"\" class=\"wp-image-112\" srcset=\"http:\/\/www.heuchelbergtrail.de\/wp-content\/uploads\/2019\/05\/HBW.jpg 400w, http:\/\/www.heuchelbergtrail.de\/wp-content\/uploads\/2019\/05\/HBW-300x169.jpg 300w\" sizes=\"auto, (max-width: 400px) 100vw, 400px\" \/><\/a><\/figure>\n\n\n\n<figure class=\"wp-block-image size-large\"><a href=\"https:\/\/www.hemdenoutlet24.de\" target=\"_blank\" rel=\"noreferrer noopener\"><img loading=\"lazy\" decoding=\"async\" width=\"400\" height=\"225\" data-id=\"113\" src=\"http:\/\/www.heuchelbergtrail.de\/wp-content\/uploads\/2019\/05\/Hemdenoutlet.jpg\" alt=\"\" class=\"wp-image-113\" srcset=\"http:\/\/www.heuchelbergtrail.de\/wp-content\/uploads\/2019\/05\/Hemdenoutlet.jpg 400w, http:\/\/www.heuchelbergtrail.de\/wp-content\/uploads\/2019\/05\/Hemdenoutlet-300x169.jpg 300w\" sizes=\"auto, (max-width: 400px) 100vw, 400px\" \/><\/a><\/figure>\n\n\n\n<figure class=\"wp-block-image size-large\"><a href=\"https:\/\/hirsch.wine\" target=\"_blank\" rel=\"noreferrer noopener\"><img loading=\"lazy\" decoding=\"async\" width=\"400\" height=\"225\" data-id=\"114\" src=\"http:\/\/www.heuchelbergtrail.de\/wp-content\/uploads\/2019\/05\/Hirsch.jpg\" alt=\"\" class=\"wp-image-114\" srcset=\"http:\/\/www.heuchelbergtrail.de\/wp-content\/uploads\/2019\/05\/Hirsch.jpg 400w, http:\/\/www.heuchelbergtrail.de\/wp-content\/uploads\/2019\/05\/Hirsch-300x169.jpg 300w\" sizes=\"auto, (max-width: 400px) 100vw, 400px\" \/><\/a><\/figure>\n\n\n\n<figure class=\"wp-block-image size-large\"><a href=\"https:\/\/www.holz-hauff.de\" target=\"_blank\" rel=\"noreferrer noopener\"><img loading=\"lazy\" decoding=\"async\" width=\"400\" height=\"225\" data-id=\"291\" src=\"http:\/\/www.heuchelbergtrail.de\/wp-content\/uploads\/2020\/01\/Holz-Hauff.jpg\" alt=\"\" class=\"wp-image-291\" srcset=\"http:\/\/www.heuchelbergtrail.de\/wp-content\/uploads\/2020\/01\/Holz-Hauff.jpg 400w, http:\/\/www.heuchelbergtrail.de\/wp-content\/uploads\/2020\/01\/Holz-Hauff-300x169.jpg 300w\" sizes=\"auto, (max-width: 400px) 100vw, 400px\" \/><\/a><\/figure>\n\n\n\n<figure class=\"wp-block-image size-large\"><a href=\"https:\/\/www.lasertechnik-werhan.de\" target=\"_blank\" rel=\"noreferrer noopener\"><img loading=\"lazy\" decoding=\"async\" width=\"400\" height=\"225\" data-id=\"116\" src=\"http:\/\/www.heuchelbergtrail.de\/wp-content\/uploads\/2019\/05\/Holzwerkstatt-Werhan-neu.jpg\" alt=\"\" class=\"wp-image-116\" srcset=\"http:\/\/www.heuchelbergtrail.de\/wp-content\/uploads\/2019\/05\/Holzwerkstatt-Werhan-neu.jpg 400w, http:\/\/www.heuchelbergtrail.de\/wp-content\/uploads\/2019\/05\/Holzwerkstatt-Werhan-neu-300x169.jpg 300w\" sizes=\"auto, (max-width: 400px) 100vw, 400px\" \/><\/a><\/figure>\n\n\n\n<figure class=\"wp-block-image size-large\"><a href=\"https:\/\/www.intersport.de\" target=\"_blank\" rel=\" noreferrer noopener\"><img loading=\"lazy\" decoding=\"async\" width=\"400\" height=\"225\" data-id=\"1768\" src=\"http:\/\/www.heuchelbergtrail.de\/wp-content\/uploads\/2025\/04\/Intersport.jpg\" alt=\"\" class=\"wp-image-1768\" srcset=\"http:\/\/www.heuchelbergtrail.de\/wp-content\/uploads\/2025\/04\/Intersport.jpg 400w, http:\/\/www.heuchelbergtrail.de\/wp-content\/uploads\/2025\/04\/Intersport-300x169.jpg 300w\" sizes=\"auto, (max-width: 400px) 100vw, 400px\" \/><\/a><\/figure>\n\n\n\n<figure class=\"wp-block-image size-large\"><a href=\"http:\/\/www.kipp-b\u00e4ckerei.de\" target=\"_blank\" rel=\"noreferrer noopener\"><img loading=\"lazy\" decoding=\"async\" width=\"400\" height=\"225\" data-id=\"117\" src=\"http:\/\/www.heuchelbergtrail.de\/wp-content\/uploads\/2019\/05\/Kipp.jpg\" alt=\"\" class=\"wp-image-117\" srcset=\"http:\/\/www.heuchelbergtrail.de\/wp-content\/uploads\/2019\/05\/Kipp.jpg 400w, http:\/\/www.heuchelbergtrail.de\/wp-content\/uploads\/2019\/05\/Kipp-300x169.jpg 300w\" sizes=\"auto, (max-width: 400px) 100vw, 400px\" \/><\/a><\/figure>\n\n\n\n<figure class=\"wp-block-image size-large\"><a href=\"https:\/\/www.facebook.com\/veranstaltungstechnik.KR\/\" target=\"_blank\" rel=\"noreferrer noopener\"><img loading=\"lazy\" decoding=\"async\" width=\"400\" height=\"225\" data-id=\"118\" src=\"http:\/\/www.heuchelbergtrail.de\/wp-content\/uploads\/2019\/05\/KR-neu2.jpg\" alt=\"\" class=\"wp-image-118\" srcset=\"http:\/\/www.heuchelbergtrail.de\/wp-content\/uploads\/2019\/05\/KR-neu2.jpg 400w, http:\/\/www.heuchelbergtrail.de\/wp-content\/uploads\/2019\/05\/KR-neu2-300x169.jpg 300w\" sizes=\"auto, (max-width: 400px) 100vw, 400px\" \/><\/a><\/figure>\n\n\n\n<figure class=\"wp-block-image size-large\"><a href=\"https:\/\/www.layer-chemie.de\" target=\"_blank\" rel=\" noreferrer noopener\"><img loading=\"lazy\" decoding=\"async\" width=\"400\" height=\"225\" data-id=\"1760\" src=\"http:\/\/www.heuchelbergtrail.de\/wp-content\/uploads\/2025\/04\/LAYER-CHEMIE.jpg\" alt=\"\" class=\"wp-image-1760\" srcset=\"http:\/\/www.heuchelbergtrail.de\/wp-content\/uploads\/2025\/04\/LAYER-CHEMIE.jpg 400w, http:\/\/www.heuchelbergtrail.de\/wp-content\/uploads\/2025\/04\/LAYER-CHEMIE-300x169.jpg 300w\" sizes=\"auto, (max-width: 400px) 100vw, 400px\" \/><\/a><\/figure>\n\n\n\n<figure class=\"wp-block-image size-large\"><a href=\"http:\/\/www.leintal-taxi-transport.de\" target=\"_blank\" rel=\"noreferrer noopener\"><img loading=\"lazy\" decoding=\"async\" width=\"400\" height=\"225\" data-id=\"119\" src=\"http:\/\/www.heuchelbergtrail.de\/wp-content\/uploads\/2019\/05\/Leintal-Taxi.jpg\" alt=\"\" class=\"wp-image-119\" srcset=\"http:\/\/www.heuchelbergtrail.de\/wp-content\/uploads\/2019\/05\/Leintal-Taxi.jpg 400w, http:\/\/www.heuchelbergtrail.de\/wp-content\/uploads\/2019\/05\/Leintal-Taxi-300x169.jpg 300w\" sizes=\"auto, (max-width: 400px) 100vw, 400px\" \/><\/a><\/figure>\n\n\n\n<figure class=\"wp-block-image size-large\"><a href=\"https:\/\/michaelwalz.coach\" target=\"_blank\" rel=\"noreferrer noopener\"><img loading=\"lazy\" decoding=\"async\" width=\"400\" height=\"225\" data-id=\"1648\" src=\"http:\/\/www.heuchelbergtrail.de\/wp-content\/uploads\/2023\/12\/MichaelWalz.jpg\" alt=\"\" class=\"wp-image-1648\" srcset=\"http:\/\/www.heuchelbergtrail.de\/wp-content\/uploads\/2023\/12\/MichaelWalz.jpg 400w, http:\/\/www.heuchelbergtrail.de\/wp-content\/uploads\/2023\/12\/MichaelWalz-300x169.jpg 300w\" sizes=\"auto, (max-width: 400px) 100vw, 400px\" \/><\/a><\/figure>\n\n\n\n<figure class=\"wp-block-image size-large\"><a href=\"https:\/\/www.michaelweissert.de\" target=\"_blank\" rel=\" noreferrer noopener\"><img loading=\"lazy\" decoding=\"async\" width=\"400\" height=\"225\" data-id=\"1759\" src=\"http:\/\/www.heuchelbergtrail.de\/wp-content\/uploads\/2025\/04\/Weissert.jpg\" alt=\"\" class=\"wp-image-1759\" srcset=\"http:\/\/www.heuchelbergtrail.de\/wp-content\/uploads\/2025\/04\/Weissert.jpg 400w, http:\/\/www.heuchelbergtrail.de\/wp-content\/uploads\/2025\/04\/Weissert-300x169.jpg 300w\" sizes=\"auto, (max-width: 400px) 100vw, 400px\" \/><\/a><\/figure>\n\n\n\n<figure class=\"wp-block-image size-full\"><a href=\"https:\/\/mmmake.com\/de\/\" target=\"_blank\" rel=\"noreferrer noopener\"><img loading=\"lazy\" decoding=\"async\" width=\"400\" height=\"225\" data-id=\"1649\" src=\"http:\/\/www.heuchelbergtrail.de\/wp-content\/uploads\/2023\/12\/mmmake.jpg\" alt=\"\" class=\"wp-image-1649\" srcset=\"http:\/\/www.heuchelbergtrail.de\/wp-content\/uploads\/2023\/12\/mmmake.jpg 400w, http:\/\/www.heuchelbergtrail.de\/wp-content\/uploads\/2023\/12\/mmmake-300x169.jpg 300w\" sizes=\"auto, (max-width: 400px) 100vw, 400px\" \/><\/a><\/figure>\n\n\n\n<figure class=\"wp-block-image size-large\"><img loading=\"lazy\" decoding=\"async\" width=\"400\" height=\"225\" data-id=\"1540\" src=\"http:\/\/www.heuchelbergtrail.de\/wp-content\/uploads\/2023\/05\/outdooractive.jpg\" alt=\"\" class=\"wp-image-1540\" srcset=\"http:\/\/www.heuchelbergtrail.de\/wp-content\/uploads\/2023\/05\/outdooractive.jpg 400w, http:\/\/www.heuchelbergtrail.de\/wp-content\/uploads\/2023\/05\/outdooractive-300x169.jpg 300w\" sizes=\"auto, (max-width: 400px) 100vw, 400px\" \/><\/figure>\n\n\n\n<figure class=\"wp-block-image size-large\"><a href=\"https:\/\/www.paradies-leingarten.de\" target=\"_blank\" rel=\"noreferrer noopener\"><img loading=\"lazy\" decoding=\"async\" width=\"400\" height=\"225\" data-id=\"121\" src=\"http:\/\/www.heuchelbergtrail.de\/wp-content\/uploads\/2019\/05\/paradies-neu2.jpg\" alt=\"\" class=\"wp-image-121\" srcset=\"http:\/\/www.heuchelbergtrail.de\/wp-content\/uploads\/2019\/05\/paradies-neu2.jpg 400w, http:\/\/www.heuchelbergtrail.de\/wp-content\/uploads\/2019\/05\/paradies-neu2-300x169.jpg 300w\" sizes=\"auto, (max-width: 400px) 100vw, 400px\" \/><\/a><\/figure>\n\n\n\n<figure class=\"wp-block-image size-large\"><a href=\"https:\/\/www.planen-streib.de\" target=\"_blank\" rel=\"noreferrer noopener\"><img loading=\"lazy\" decoding=\"async\" width=\"400\" height=\"225\" data-id=\"123\" src=\"http:\/\/www.heuchelbergtrail.de\/wp-content\/uploads\/2019\/05\/PlanenStreib-neu.jpg\" alt=\"\" class=\"wp-image-123\" srcset=\"http:\/\/www.heuchelbergtrail.de\/wp-content\/uploads\/2019\/05\/PlanenStreib-neu.jpg 400w, http:\/\/www.heuchelbergtrail.de\/wp-content\/uploads\/2019\/05\/PlanenStreib-neu-300x169.jpg 300w\" sizes=\"auto, (max-width: 400px) 100vw, 400px\" \/><\/a><\/figure>\n\n\n\n<figure class=\"wp-block-image size-full\"><a href=\"https:\/\/www.radioton.de\/\" target=\"_blank\" rel=\" noreferrer noopener\"><img loading=\"lazy\" decoding=\"async\" width=\"400\" height=\"225\" data-id=\"1811\" src=\"http:\/\/www.heuchelbergtrail.de\/wp-content\/uploads\/2025\/07\/radioton.jpg\" alt=\"\" class=\"wp-image-1811\" srcset=\"http:\/\/www.heuchelbergtrail.de\/wp-content\/uploads\/2025\/07\/radioton.jpg 400w, http:\/\/www.heuchelbergtrail.de\/wp-content\/uploads\/2025\/07\/radioton-300x169.jpg 300w\" sizes=\"auto, (max-width: 400px) 100vw, 400px\" \/><\/a><\/figure>\n\n\n\n<figure class=\"wp-block-image size-large\"><a href=\"https:\/\/www.rewe.de\/marktseite\/leingarten\/861726\/rewe-markt-dieselstrasse-1\/\" target=\"_blank\" rel=\"noreferrer noopener\"><img loading=\"lazy\" decoding=\"async\" width=\"400\" height=\"225\" data-id=\"1650\" src=\"http:\/\/www.heuchelbergtrail.de\/wp-content\/uploads\/2023\/12\/rewe.jpg\" alt=\"\" class=\"wp-image-1650\" srcset=\"http:\/\/www.heuchelbergtrail.de\/wp-content\/uploads\/2023\/12\/rewe.jpg 400w, http:\/\/www.heuchelbergtrail.de\/wp-content\/uploads\/2023\/12\/rewe-300x169.jpg 300w\" sizes=\"auto, (max-width: 400px) 100vw, 400px\" \/><\/a><\/figure>\n\n\n\n<figure class=\"wp-block-image size-large\"><a href=\"https:\/\/www.sarahdischinger.de\" target=\"_blank\" rel=\"noreferrer noopener\"><img loading=\"lazy\" decoding=\"async\" width=\"400\" height=\"225\" data-id=\"124\" src=\"http:\/\/www.heuchelbergtrail.de\/wp-content\/uploads\/2019\/05\/SarahD_neu2.jpg\" alt=\"\" class=\"wp-image-124\" srcset=\"http:\/\/www.heuchelbergtrail.de\/wp-content\/uploads\/2019\/05\/SarahD_neu2.jpg 400w, http:\/\/www.heuchelbergtrail.de\/wp-content\/uploads\/2019\/05\/SarahD_neu2-300x169.jpg 300w\" sizes=\"auto, (max-width: 400px) 100vw, 400px\" \/><\/a><\/figure>\n\n\n\n<figure class=\"wp-block-image size-large\"><a href=\"https:\/\/steuerberater-schuster.de\" target=\"_blank\" rel=\" noreferrer noopener\"><img loading=\"lazy\" decoding=\"async\" width=\"400\" height=\"225\" data-id=\"1766\" src=\"http:\/\/www.heuchelbergtrail.de\/wp-content\/uploads\/2025\/04\/Logo-SuP.jpg\" alt=\"\" class=\"wp-image-1766\" srcset=\"http:\/\/www.heuchelbergtrail.de\/wp-content\/uploads\/2025\/04\/Logo-SuP.jpg 400w, http:\/\/www.heuchelbergtrail.de\/wp-content\/uploads\/2025\/04\/Logo-SuP-300x169.jpg 300w\" sizes=\"auto, (max-width: 400px) 100vw, 400px\" \/><\/a><\/figure>\n\n\n\n<figure class=\"wp-block-image size-large\"><img loading=\"lazy\" decoding=\"async\" width=\"400\" height=\"225\" data-id=\"1651\" src=\"http:\/\/www.heuchelbergtrail.de\/wp-content\/uploads\/2023\/12\/tobi4fitness.jpg\" alt=\"\" class=\"wp-image-1651\" srcset=\"http:\/\/www.heuchelbergtrail.de\/wp-content\/uploads\/2023\/12\/tobi4fitness.jpg 400w, http:\/\/www.heuchelbergtrail.de\/wp-content\/uploads\/2023\/12\/tobi4fitness-300x169.jpg 300w\" sizes=\"auto, (max-width: 400px) 100vw, 400px\" \/><\/figure>\n\n\n\n<figure class=\"wp-block-image size-large\"><a href=\"https:\/\/www.hotel-traumraum.de\" target=\"_blank\" rel=\"noreferrer noopener\"><img loading=\"lazy\" decoding=\"async\" width=\"400\" height=\"225\" data-id=\"1709\" src=\"http:\/\/www.heuchelbergtrail.de\/wp-content\/uploads\/2024\/06\/TR__logo_2010.jpg\" alt=\"\" class=\"wp-image-1709\" srcset=\"http:\/\/www.heuchelbergtrail.de\/wp-content\/uploads\/2024\/06\/TR__logo_2010.jpg 400w, http:\/\/www.heuchelbergtrail.de\/wp-content\/uploads\/2024\/06\/TR__logo_2010-300x169.jpg 300w\" sizes=\"auto, (max-width: 400px) 100vw, 400px\" \/><\/a><\/figure>\n\n\n\n<figure class=\"wp-block-image size-large\"><a href=\"https:\/\/www.sporthunger.de\" target=\"_blank\" rel=\"noreferrer noopener\"><img loading=\"lazy\" decoding=\"async\" width=\"400\" height=\"225\" data-id=\"1553\" src=\"http:\/\/www.heuchelbergtrail.de\/wp-content\/uploads\/2023\/07\/sporthunger.jpg\" alt=\"\" class=\"wp-image-1553\" srcset=\"http:\/\/www.heuchelbergtrail.de\/wp-content\/uploads\/2023\/07\/sporthunger.jpg 400w, http:\/\/www.heuchelbergtrail.de\/wp-content\/uploads\/2023\/07\/sporthunger-300x169.jpg 300w\" sizes=\"auto, (max-width: 400px) 100vw, 400px\" \/><\/a><\/figure>\n\n\n\n<figure class=\"wp-block-image size-large\"><a href=\"https:\/\/www.vbu-volksbank.de\/privatkunden.html\" target=\"_blank\" rel=\"noreferrer noopener\"><img loading=\"lazy\" decoding=\"async\" width=\"400\" height=\"225\" data-id=\"126\" src=\"http:\/\/www.heuchelbergtrail.de\/wp-content\/uploads\/2019\/05\/VBU.jpg\" alt=\"\" class=\"wp-image-126\" srcset=\"http:\/\/www.heuchelbergtrail.de\/wp-content\/uploads\/2019\/05\/VBU.jpg 400w, http:\/\/www.heuchelbergtrail.de\/wp-content\/uploads\/2019\/05\/VBU-300x169.jpg 300w\" sizes=\"auto, (max-width: 400px) 100vw, 400px\" \/><\/a><\/figure>\n\n\n\n<figure class=\"wp-block-image size-large\"><a href=\"https:\/\/wueteria.de\" target=\"_blank\" rel=\"noreferrer noopener\"><img loading=\"lazy\" decoding=\"async\" width=\"400\" height=\"225\" data-id=\"127\" src=\"http:\/\/www.heuchelbergtrail.de\/wp-content\/uploads\/2019\/05\/Wueteria.jpg\" alt=\"\" class=\"wp-image-127\" srcset=\"http:\/\/www.heuchelbergtrail.de\/wp-content\/uploads\/2019\/05\/Wueteria.jpg 400w, http:\/\/www.heuchelbergtrail.de\/wp-content\/uploads\/2019\/05\/Wueteria-300x169.jpg 300w\" sizes=\"auto, (max-width: 400px) 100vw, 400px\" \/><\/a><\/figure>\n<\/figure>\n","protected":false},"excerpt":{"rendered":"<div class=\"mh-excerpt\"><p>\/\/3-K\u00d6NIGSLAUF FINDET STATT Liebe Heuchelbergtrailfreunde,das Laufjahr 2025 neigt sich so langsam dem Ende zu und wir m\u00f6chten gerne die Gelegenheit nutzen, euch bereits \u00fcber die <a class=\"mh-excerpt-more\" href=\"http:\/\/www.heuchelbergtrail.de\/\" title=\"\">[&#8230;]<\/a><\/p>\n<\/div>","protected":false},"author":1,"featured_media":0,"parent":0,"menu_order":0,"comment_status":"closed","ping_status":"open","template":"template-full.php","meta":{"footnotes":""},"class_list":["post-2","page","type-page","status-publish","hentry"],"_links":{"self":[{"href":"http:\/\/www.heuchelbergtrail.de\/index.php?rest_route=\/wp\/v2\/pages\/2","targetHints":{"allow":["GET"]}}],"collection":[{"href":"http:\/\/www.heuchelbergtrail.de\/index.php?rest_route=\/wp\/v2\/pages"}],"about":[{"href":"http:\/\/www.heuchelbergtrail.de\/index.php?rest_route=\/wp\/v2\/types\/page"}],"author":[{"embeddable":true,"href":"http:\/\/www.heuchelbergtrail.de\/index.php?rest_route=\/wp\/v2\/users\/1"}],"replies":[{"embeddable":true,"href":"http:\/\/www.heuchelbergtrail.de\/index.php?rest_route=%2Fwp%2Fv2%2Fcomments&post=2"}],"version-history":[{"count":219,"href":"http:\/\/www.heuchelbergtrail.de\/index.php?rest_route=\/wp\/v2\/pages\/2\/revisions"}],"predecessor-version":[{"id":1833,"href":"http:\/\/www.heuchelbergtrail.de\/index.php?rest_route=\/wp\/v2\/pages\/2\/revisions\/1833"}],"wp:attachment":[{"href":"http:\/\/www.heuchelbergtrail.de\/index.php?rest_route=%2Fwp%2Fv2%2Fmedia&parent=2"}],"curies":[{"name":"wp","href":"https:\/\/api.w.org\/{rel}","templated":true}]}}